{"id":595,"date":"2021-06-14T18:20:20","date_gmt":"2021-06-14T16:20:20","guid":{"rendered":"https:\/\/stemarie-stjoseph.fr\/ecole-ste-marie\/?page_id=595"},"modified":"2021-06-25T09:02:39","modified_gmt":"2021-06-25T07:02:39","slug":"historique","status":"publish","type":"page","link":"https:\/\/stemarie-stjoseph.fr\/ecole-ste-marie\/historique\/","title":{"rendered":"Historique"},"content":{"rendered":"\n<p>L&rsquo;\u00e9cole SAINTE MARIE a \u00e9t\u00e9 cr\u00e9\u00e9e en&nbsp;<strong>1946<\/strong>.<br>Cette ann\u00e9e l\u00e0, Mademoiselle Agn\u00e8s BAUD, professeur \u00e0 l&rsquo;\u00e9cole SAINTE MARIE DE GIEN, cr\u00e9\u00e9 l&rsquo;\u00e9cole dans une ferme achet\u00e9e \u00e0 Solange H\u00e9au, \u00e0 la demande du P\u00e8re MARIANUS. Une classe fonctionne avec une quinzaine d&rsquo;enfants d\u00e8s la premi\u00e8re rentr\u00e9e.<br>En&nbsp;<strong>1949<\/strong>, construction d&rsquo;une seconde classe : une classe \u00e9tant alors consacr\u00e9e aux petits de maternelle, gar\u00e7ons et filles, et une seconde classe consacr\u00e9e uniquement aux filles de primaire<br>En&nbsp;<strong>1961<\/strong>, un contrat est sign\u00e9 avec L\u2019\u00c9tat, l&rsquo;\u00e9cole d\u00e9pendra d\u00e9sormais de l&rsquo;acad\u00e9mie d&rsquo;Orl\u00e9ans et de l&rsquo;Enseignement Catholique du Loiret<br>En&nbsp;<strong>1977<\/strong>, L&rsquo;\u00e9cole devient mixte et une troisi\u00e8me classe est am\u00e9nag\u00e9e \u00e0 l&rsquo;\u00e9tage.<br>De nombreux travaux ont \u00e9t\u00e9 effectu\u00e9s gr\u00e2ce \u00e0 l&rsquo;aide financi\u00e8re et mat\u00e9rielle des parents, tr\u00e8s engag\u00e9s dans l&rsquo;\u00e9cole.<br>En&nbsp;<strong>1992<\/strong>, le contrat d&rsquo;association est sign\u00e9 avec l\u2019\u00c9ducation Nationale. <br>En juillet<strong>&nbsp;2017<\/strong>,&nbsp; l&rsquo;\u00e9cole Sainte-Marie d\u00e9m\u00e9nage du 8 chemin du port au 13 place du grand Arcis. <br>L&rsquo;\u00e9cole ouvre une quatri\u00e8me classe et accueille d\u00e9sormais une centaine d&rsquo;\u00e9l\u00e8ves.<br>En septembre&nbsp;<strong>2020<\/strong>, l&rsquo;\u00e9cole ouvre une cinqui\u00e8me classe \u00e0 petit effectif b\u00e9n\u00e9ficiant du dispositif mis en place pour les zones rurales. <br>En janvier <strong>2021<\/strong>, les travaux pour le nouveau restaurant scolaire sont termin\u00e9s et les \u00e9l\u00e8ves d\u00e9jeunent d\u00e9sormais \u00e0 l&rsquo;\u00e9cole dans ce nouveau b\u00e2timents situ\u00e9 dans la cour.<\/p>\n\n\n\n<p><strong>Les directeurs qui se sont succ\u00e9d\u00e9s \u00e0 la t\u00eate de l&rsquo;\u00e9cole :<\/strong><\/p>\n\n\n\n<ul><li>Mademoiselle Agn\u00e8s BAUD<\/li><li>Mademoiselle DESCHAMPS<\/li><li>Mademoiselle Th\u00e9r\u00e8se DUBOIS<\/li><li>Madame GUEGUEN<\/li><li>Madame Marie BIET<\/li><li>Madame Catherine BODSON<\/li><li>Madame Virginie BREUILLAT<\/li><li>Monsieur Richard CADEAU<\/li><li>Madame Armelle GUIRLET<\/li><li>Madame Isabelle PELLETIER depuis 2013<\/li><\/ul>\n\n\n\n<figure class=\"wp-block-gallery columns-1 is-cropped wp-block-gallery-1 is-layout-flex wp-block-gallery-is-layout-flex\"><ul class=\"blocks-gallery-grid\"><li class=\"blocks-gallery-item\"><figure><img fetchpriority=\"high\" decoding=\"async\" width=\"1024\" height=\"730\" src=\"https:\/\/stemarie-stjoseph.fr\/ecole-ste-marie\/wp-content\/uploads\/sites\/6\/2021\/06\/Ecole-Ste-Marie-1-1024x730.jpg\" alt=\"\" data-id=\"725\" data-full-url=\"https:\/\/stemarie-stjoseph.fr\/ecole-ste-marie\/wp-content\/uploads\/sites\/6\/2021\/06\/Ecole-Ste-Marie-1-scaled.jpg\" data-link=\"https:\/\/stemarie-stjoseph.fr\/ecole-ste-marie\/historique\/ecole-ste-marie-1\/\" class=\"wp-image-725\" srcset=\"https:\/\/stemarie-stjoseph.fr\/ecole-ste-marie\/wp-content\/uploads\/sites\/6\/2021\/06\/Ecole-Ste-Marie-1-1024x730.jpg 1024w, https:\/\/stemarie-stjoseph.fr\/ecole-ste-marie\/wp-content\/uploads\/sites\/6\/2021\/06\/Ecole-Ste-Marie-1-300x214.jpg 300w, https:\/\/stemarie-stjoseph.fr\/ecole-ste-marie\/wp-content\/uploads\/sites\/6\/2021\/06\/Ecole-Ste-Marie-1-768x548.jpg 768w, https:\/\/stemarie-stjoseph.fr\/ecole-ste-marie\/wp-content\/uploads\/sites\/6\/2021\/06\/Ecole-Ste-Marie-1-1536x1096.jpg 1536w, https:\/\/stemarie-stjoseph.fr\/ecole-ste-marie\/wp-content\/uploads\/sites\/6\/2021\/06\/Ecole-Ste-Marie-1-2048x1461.jpg 2048w\" sizes=\"(max-width: 1024px) 100vw, 1024px\" \/><figcaption class=\"blocks-gallery-item__caption\">Construction de l&rsquo;\u00e9cole en 1907<\/figcaption><\/figure><\/li><\/ul><\/figure>\n","protected":false},"excerpt":{"rendered":"<p>L&rsquo;\u00e9cole SAINTE MARIE a \u00e9t\u00e9 cr\u00e9\u00e9e en&nbsp;1946.Cette ann\u00e9e l\u00e0, Mademoiselle Agn\u00e8s BAUD, professeur \u00e0 l&rsquo;\u00e9cole SAINTE MARIE DE GIEN, cr\u00e9\u00e9 l&rsquo;\u00e9cole dans une ferme achet\u00e9e \u00e0 Solange H\u00e9au, \u00e0 la demande du P\u00e8re MARIANUS. Une classe fonctionne avec une quinzaine d&rsquo;enfants d\u00e8s la premi\u00e8re rentr\u00e9e.En&nbsp;1949, construction d&rsquo;une seconde classe : une classe \u00e9tant alors consacr\u00e9e &hellip;<\/p>\n<p class=\"read-more\"> <a class=\"\" href=\"https:\/\/stemarie-stjoseph.fr\/ecole-ste-marie\/historique\/\"> <span class=\"screen-reader-text\">Historique<\/span> Lire la suite\u00a0\u00bb<\/a><\/p>\n","protected":false},"author":5,"featured_media":0,"parent":0,"menu_order":0,"comment_status":"closed","ping_status":"closed","template":"","meta":{"site-sidebar-layout":"default","site-content-layout":"default","ast-main-header-display":"","ast-hfb-above-header-display":"","ast-hfb-below-header-display":"","ast-hfb-mobile-header-display":"","site-post-title":"","ast-breadcrumbs-content":"","ast-featured-img":"","footer-sml-layout":"","theme-transparent-header-meta":"default","adv-header-id-meta":"","stick-header-meta":"","header-above-stick-meta":"","header-main-stick-meta":"","header-below-stick-meta":"","footnotes":""},"yoast_head":"<!-- This site is optimized with the Yoast SEO plugin v24.5 - https:\/\/yoast.com\/wordpress\/plugins\/seo\/ -->\n<title>Historique - \u00c9cole Sainte Marie<\/title>\n<meta name=\"robots\" content=\"index, follow, max-snippet:-1, max-image-preview:large, max-video-preview:-1\" \/>\n<link rel=\"canonical\" href=\"https:\/\/stemarie-stjoseph.fr\/ecole-ste-marie\/historique\/\" \/>\n<meta property=\"og:locale\" content=\"fr_FR\" \/>\n<meta property=\"og:type\" content=\"article\" \/>\n<meta property=\"og:title\" content=\"Historique - \u00c9cole Sainte Marie\" \/>\n<meta property=\"og:description\" content=\"L&rsquo;\u00e9cole SAINTE MARIE a \u00e9t\u00e9 cr\u00e9\u00e9e en&nbsp;1946.Cette ann\u00e9e l\u00e0, Mademoiselle Agn\u00e8s BAUD, professeur \u00e0 l&rsquo;\u00e9cole SAINTE MARIE DE GIEN, cr\u00e9\u00e9 l&rsquo;\u00e9cole dans une ferme achet\u00e9e \u00e0 Solange H\u00e9au, \u00e0 la demande du P\u00e8re MARIANUS. Une classe fonctionne avec une quinzaine d&rsquo;enfants d\u00e8s la premi\u00e8re rentr\u00e9e.En&nbsp;1949, construction d&rsquo;une seconde classe : une classe \u00e9tant alors consacr\u00e9e &hellip; Historique Lire la suite\u00a0\u00bb\" \/>\n<meta property=\"og:url\" content=\"https:\/\/stemarie-stjoseph.fr\/ecole-ste-marie\/historique\/\" \/>\n<meta property=\"og:site_name\" content=\"\u00c9cole Sainte Marie\" \/>\n<meta property=\"article:modified_time\" content=\"2021-06-25T07:02:39+00:00\" \/>\n<meta property=\"og:image\" content=\"https:\/\/stemarie-stjoseph.fr\/ecole-ste-marie\/wp-content\/uploads\/sites\/6\/2021\/06\/Ecole-Ste-Marie-1-1024x730.jpg\" \/>\n<meta name=\"twitter:card\" content=\"summary_large_image\" \/>\n<meta name=\"twitter:label1\" content=\"Dur\u00e9e de lecture estim\u00e9e\" \/>\n\t<meta name=\"twitter:data1\" content=\"2 minutes\" \/>\n<script type=\"application\/ld+json\" class=\"yoast-schema-graph\">{\"@context\":\"https:\/\/schema.org\",\"@graph\":[{\"@type\":\"WebPage\",\"@id\":\"https:\/\/stemarie-stjoseph.fr\/ecole-ste-marie\/historique\/\",\"url\":\"https:\/\/stemarie-stjoseph.fr\/ecole-ste-marie\/historique\/\",\"name\":\"Historique - \u00c9cole Sainte Marie\",\"isPartOf\":{\"@id\":\"https:\/\/stemarie-stjoseph.fr\/ecole-ste-marie\/#website\"},\"primaryImageOfPage\":{\"@id\":\"https:\/\/stemarie-stjoseph.fr\/ecole-ste-marie\/historique\/#primaryimage\"},\"image\":{\"@id\":\"https:\/\/stemarie-stjoseph.fr\/ecole-ste-marie\/historique\/#primaryimage\"},\"thumbnailUrl\":\"https:\/\/stemarie-stjoseph.fr\/ecole-ste-marie\/wp-content\/uploads\/sites\/6\/2021\/06\/Ecole-Ste-Marie-1-1024x730.jpg\",\"datePublished\":\"2021-06-14T16:20:20+00:00\",\"dateModified\":\"2021-06-25T07:02:39+00:00\",\"breadcrumb\":{\"@id\":\"https:\/\/stemarie-stjoseph.fr\/ecole-ste-marie\/historique\/#breadcrumb\"},\"inLanguage\":\"fr-FR\",\"potentialAction\":[{\"@type\":\"ReadAction\",\"target\":[\"https:\/\/stemarie-stjoseph.fr\/ecole-ste-marie\/historique\/\"]}]},{\"@type\":\"ImageObject\",\"inLanguage\":\"fr-FR\",\"@id\":\"https:\/\/stemarie-stjoseph.fr\/ecole-ste-marie\/historique\/#primaryimage\",\"url\":\"https:\/\/stemarie-stjoseph.fr\/ecole-ste-marie\/wp-content\/uploads\/sites\/6\/2021\/06\/Ecole-Ste-Marie-1-1024x730.jpg\",\"contentUrl\":\"https:\/\/stemarie-stjoseph.fr\/ecole-ste-marie\/wp-content\/uploads\/sites\/6\/2021\/06\/Ecole-Ste-Marie-1-1024x730.jpg\"},{\"@type\":\"BreadcrumbList\",\"@id\":\"https:\/\/stemarie-stjoseph.fr\/ecole-ste-marie\/historique\/#breadcrumb\",\"itemListElement\":[{\"@type\":\"ListItem\",\"position\":1,\"name\":\"Accueil\",\"item\":\"https:\/\/stemarie-stjoseph.fr\/ecole-ste-marie\/\"},{\"@type\":\"ListItem\",\"position\":2,\"name\":\"Historique\"}]},{\"@type\":\"WebSite\",\"@id\":\"https:\/\/stemarie-stjoseph.fr\/ecole-ste-marie\/#website\",\"url\":\"https:\/\/stemarie-stjoseph.fr\/ecole-ste-marie\/\",\"name\":\"Groupe Scolaire de Saint Beno\u00eet sur Loire\",\"description\":\"Un site utilisant WordPress\",\"publisher\":{\"@id\":\"https:\/\/stemarie-stjoseph.fr\/ecole-ste-marie\/#organization\"},\"potentialAction\":[{\"@type\":\"SearchAction\",\"target\":{\"@type\":\"EntryPoint\",\"urlTemplate\":\"https:\/\/stemarie-stjoseph.fr\/ecole-ste-marie\/?s={search_term_string}\"},\"query-input\":{\"@type\":\"PropertyValueSpecification\",\"valueRequired\":true,\"valueName\":\"search_term_string\"}}],\"inLanguage\":\"fr-FR\"},{\"@type\":\"Organization\",\"@id\":\"https:\/\/stemarie-stjoseph.fr\/ecole-ste-marie\/#organization\",\"name\":\"Etablissement d'enseignement catholique Saint Benoit sur Loire\",\"url\":\"https:\/\/stemarie-stjoseph.fr\/ecole-ste-marie\/\",\"logo\":{\"@type\":\"ImageObject\",\"inLanguage\":\"fr-FR\",\"@id\":\"https:\/\/stemarie-stjoseph.fr\/ecole-ste-marie\/#\/schema\/logo\/image\/\",\"url\":\"https:\/\/stemarie-stjoseph.fr\/ecole-ste-marie\/wp-content\/uploads\/sites\/6\/2021\/05\/logo-enseignement-catholique.png\",\"contentUrl\":\"https:\/\/stemarie-stjoseph.fr\/ecole-ste-marie\/wp-content\/uploads\/sites\/6\/2021\/05\/logo-enseignement-catholique.png\",\"width\":999,\"height\":602,\"caption\":\"Etablissement d'enseignement catholique Saint Benoit sur Loire\"},\"image\":{\"@id\":\"https:\/\/stemarie-stjoseph.fr\/ecole-ste-marie\/#\/schema\/logo\/image\/\"}}]}<\/script>\n<!-- \/ Yoast SEO plugin. -->","yoast_head_json":{"title":"Historique - \u00c9cole Sainte Marie","robots":{"index":"index","follow":"follow","max-snippet":"max-snippet:-1","max-image-preview":"max-image-preview:large","max-video-preview":"max-video-preview:-1"},"canonical":"https:\/\/stemarie-stjoseph.fr\/ecole-ste-marie\/historique\/","og_locale":"fr_FR","og_type":"article","og_title":"Historique - \u00c9cole Sainte Marie","og_description":"L&rsquo;\u00e9cole SAINTE MARIE a \u00e9t\u00e9 cr\u00e9\u00e9e en&nbsp;1946.Cette ann\u00e9e l\u00e0, Mademoiselle Agn\u00e8s BAUD, professeur \u00e0 l&rsquo;\u00e9cole SAINTE MARIE DE GIEN, cr\u00e9\u00e9 l&rsquo;\u00e9cole dans une ferme achet\u00e9e \u00e0 Solange H\u00e9au, \u00e0 la demande du P\u00e8re MARIANUS. Une classe fonctionne avec une quinzaine d&rsquo;enfants d\u00e8s la premi\u00e8re rentr\u00e9e.En&nbsp;1949, construction d&rsquo;une seconde classe : une classe \u00e9tant alors consacr\u00e9e &hellip; Historique Lire la suite\u00a0\u00bb","og_url":"https:\/\/stemarie-stjoseph.fr\/ecole-ste-marie\/historique\/","og_site_name":"\u00c9cole Sainte Marie","article_modified_time":"2021-06-25T07:02:39+00:00","og_image":[{"url":"https:\/\/stemarie-stjoseph.fr\/ecole-ste-marie\/wp-content\/uploads\/sites\/6\/2021\/06\/Ecole-Ste-Marie-1-1024x730.jpg","type":"","width":"","height":""}],"twitter_card":"summary_large_image","twitter_misc":{"Dur\u00e9e de lecture estim\u00e9e":"2 minutes"},"schema":{"@context":"https:\/\/schema.org","@graph":[{"@type":"WebPage","@id":"https:\/\/stemarie-stjoseph.fr\/ecole-ste-marie\/historique\/","url":"https:\/\/stemarie-stjoseph.fr\/ecole-ste-marie\/historique\/","name":"Historique - \u00c9cole Sainte Marie","isPartOf":{"@id":"https:\/\/stemarie-stjoseph.fr\/ecole-ste-marie\/#website"},"primaryImageOfPage":{"@id":"https:\/\/stemarie-stjoseph.fr\/ecole-ste-marie\/historique\/#primaryimage"},"image":{"@id":"https:\/\/stemarie-stjoseph.fr\/ecole-ste-marie\/historique\/#primaryimage"},"thumbnailUrl":"https:\/\/stemarie-stjoseph.fr\/ecole-ste-marie\/wp-content\/uploads\/sites\/6\/2021\/06\/Ecole-Ste-Marie-1-1024x730.jpg","datePublished":"2021-06-14T16:20:20+00:00","dateModified":"2021-06-25T07:02:39+00:00","breadcrumb":{"@id":"https:\/\/stemarie-stjoseph.fr\/ecole-ste-marie\/historique\/#breadcrumb"},"inLanguage":"fr-FR","potentialAction":[{"@type":"ReadAction","target":["https:\/\/stemarie-stjoseph.fr\/ecole-ste-marie\/historique\/"]}]},{"@type":"ImageObject","inLanguage":"fr-FR","@id":"https:\/\/stemarie-stjoseph.fr\/ecole-ste-marie\/historique\/#primaryimage","url":"https:\/\/stemarie-stjoseph.fr\/ecole-ste-marie\/wp-content\/uploads\/sites\/6\/2021\/06\/Ecole-Ste-Marie-1-1024x730.jpg","contentUrl":"https:\/\/stemarie-stjoseph.fr\/ecole-ste-marie\/wp-content\/uploads\/sites\/6\/2021\/06\/Ecole-Ste-Marie-1-1024x730.jpg"},{"@type":"BreadcrumbList","@id":"https:\/\/stemarie-stjoseph.fr\/ecole-ste-marie\/historique\/#breadcrumb","itemListElement":[{"@type":"ListItem","position":1,"name":"Accueil","item":"https:\/\/stemarie-stjoseph.fr\/ecole-ste-marie\/"},{"@type":"ListItem","position":2,"name":"Historique"}]},{"@type":"WebSite","@id":"https:\/\/stemarie-stjoseph.fr\/ecole-ste-marie\/#website","url":"https:\/\/stemarie-stjoseph.fr\/ecole-ste-marie\/","name":"Groupe Scolaire de Saint Beno\u00eet sur Loire","description":"Un site utilisant WordPress","publisher":{"@id":"https:\/\/stemarie-stjoseph.fr\/ecole-ste-marie\/#organization"},"potentialAction":[{"@type":"SearchAction","target":{"@type":"EntryPoint","urlTemplate":"https:\/\/stemarie-stjoseph.fr\/ecole-ste-marie\/?s={search_term_string}"},"query-input":{"@type":"PropertyValueSpecification","valueRequired":true,"valueName":"search_term_string"}}],"inLanguage":"fr-FR"},{"@type":"Organization","@id":"https:\/\/stemarie-stjoseph.fr\/ecole-ste-marie\/#organization","name":"Etablissement d'enseignement catholique Saint Benoit sur Loire","url":"https:\/\/stemarie-stjoseph.fr\/ecole-ste-marie\/","logo":{"@type":"ImageObject","inLanguage":"fr-FR","@id":"https:\/\/stemarie-stjoseph.fr\/ecole-ste-marie\/#\/schema\/logo\/image\/","url":"https:\/\/stemarie-stjoseph.fr\/ecole-ste-marie\/wp-content\/uploads\/sites\/6\/2021\/05\/logo-enseignement-catholique.png","contentUrl":"https:\/\/stemarie-stjoseph.fr\/ecole-ste-marie\/wp-content\/uploads\/sites\/6\/2021\/05\/logo-enseignement-catholique.png","width":999,"height":602,"caption":"Etablissement d'enseignement catholique Saint Benoit sur Loire"},"image":{"@id":"https:\/\/stemarie-stjoseph.fr\/ecole-ste-marie\/#\/schema\/logo\/image\/"}}]}},"_links":{"self":[{"href":"https:\/\/stemarie-stjoseph.fr\/ecole-ste-marie\/wp-json\/wp\/v2\/pages\/595"}],"collection":[{"href":"https:\/\/stemarie-stjoseph.fr\/ecole-ste-marie\/wp-json\/wp\/v2\/pages"}],"about":[{"href":"https:\/\/stemarie-stjoseph.fr\/ecole-ste-marie\/wp-json\/wp\/v2\/types\/page"}],"author":[{"embeddable":true,"href":"https:\/\/stemarie-stjoseph.fr\/ecole-ste-marie\/wp-json\/wp\/v2\/users\/5"}],"replies":[{"embeddable":true,"href":"https:\/\/stemarie-stjoseph.fr\/ecole-ste-marie\/wp-json\/wp\/v2\/comments?post=595"}],"version-history":[{"count":6,"href":"https:\/\/stemarie-stjoseph.fr\/ecole-ste-marie\/wp-json\/wp\/v2\/pages\/595\/revisions"}],"predecessor-version":[{"id":759,"href":"https:\/\/stemarie-stjoseph.fr\/ecole-ste-marie\/wp-json\/wp\/v2\/pages\/595\/revisions\/759"}],"wp:attachment":[{"href":"https:\/\/stemarie-stjoseph.fr\/ecole-ste-marie\/wp-json\/wp\/v2\/media?parent=595"}],"curies":[{"name":"wp","href":"https:\/\/api.w.org\/{rel}","templated":true}]}}